{"id":7672,"date":"2022-12-10T11:43:35","date_gmt":"2022-12-10T10:43:35","guid":{"rendered":"https:\/\/www.poetamatusel.org\/?page_id=7672"},"modified":"2023-11-30T02:10:59","modified_gmt":"2023-11-30T01:10:59","slug":"florilegio-invernalizio","status":"publish","type":"page","link":"https:\/\/www.poetamatusel.org\/?page_id=7672","title":{"rendered":"Florilegio Invernalizio"},"content":{"rendered":"<p>&nbsp;<\/p>\n<table width=\"999\" border=\"0\" cellpadding=\"2\" cellspacing=\"0\">\n<tbody>\n<a href=\"https:\/\/www.poetamatusel.org\/wp-content\/uploads\/2013\/12\/bambino-con-slittino-foto-gettyimages-1.jpg\"><img loading=\"lazy\" decoding=\"async\" src=\"https:\/\/www.poetamatusel.org\/wp-content\/uploads\/2013\/12\/bambino-con-slittino-foto-gettyimages-1.jpg\" alt=\"Bambino con slittino - Foto GettyImages\" width=\"338\" height=\"507\" class=\"alignleft size-full wp-image-3985\" \/><\/a><\/p>\n<tr>\n<td valign=\"top\" width=\"999\"><\/td>\n<\/tr>\n<\/tbody>\n<\/table>\n<p>&nbsp;<\/p>\n<p style=\"padding-left:0px;\"><strong>LO SLITTINO DEL NONNO<\/strong><br \/>\n<em>di Dalila Burtet<\/em> <\/p>\n<p style=\"padding-left:0px;\">Traboccavano di ricordi i tuoi occhi, nonno, mentre tra le braccia mi stringevi e mi indicavi il colle dal quale, tanti inverni fa, scendevi con il tuo slittino. Riuscivo quasi a vederti, nonno, mentre correvi, ti rotolavi e cadevi. O mentre tornavi a casa, zuppo di neve e di felicit\u00e0.  <\/p>\n<p style=\"padding-left:0px;\">Poco m\u2019importava dei solchi sul tuo viso&#8230; in fondo l\u00ec, mi dicevi, si erano annidati tutti i tuoi sorrisi. Poco mi preoccupava il tuo passo lento e incerto, nonno&#8230; perch\u00e9 mi rassicuravi che, sebbene non la potessi vedere, di tanto in tanto era la nonna a poggiarsi ancora sulle tue spalle.   <\/p>\n<p style=\"padding-left:0px;\">Poco m\u2019importava di tutto questo, nonno&#8230; perch\u00e9 alle volte, nel bel mezzo dei tuoi racconti, mentre mi indicavi il colle, al di l\u00e0 delle lenti spesse, riuscivo a scorgere un bambino, entusiasta ed emozionato, che faceva capolino dal tuo sguardo azzurro.   <\/p>\n<p style=\"padding-left:0px;\">Ed ora che ho vissuto anch\u2019io abbastanza per capire, nonno, prendo tra le braccia i miei piccoli e, mentre gli indico il colle innevato, gli racconto ancora la storia di quel bambino.  <\/p>\n<p style=\"padding-left:0px;\">E gli ripeto che, in fondo, noi vecchi non siamo altro che bambini, con alle spalle tante discese e altrettante salite, che ancora trainano, sorridendo, il loro slittino.  <\/p>\n<p style=\"padding-left:0px;\">\u00a9 <em>2013 Dalila Burtet<\/em>  <\/p>\n<p>&nbsp;<br \/>\n&nbsp;<br \/>\n&nbsp;<\/p>\n<p style=\"padding-left:0px;\"><strong>ALTRI  TEMP\u2019,  ALTRO  NADHAL!<\/strong> <\/p>\n<p style=\"padding-left:0px;\">C\u00f3nteghe adesso ai b\u00f2ce<br \/>\ne te garantise che i se m\u00e9t<br \/>\na ridher come tanti mat,<br \/>\nlori che a Nahdal i va a sciar,<br \/>\na Cortina o anca in Austria,<br \/>\ncon le braghe e tut firm\u00e0 \u2026<br \/>\nPer\u00f2 ai me temp l\u2019\u00e8ra tut<br \/>\ndavero tant diverso e a Nadhal<br \/>\nghe n\u2019\u00e8ra sempre tanta neve<br \/>\ne noi su e dh\u00f3 pai col pi alti,<br \/>\nco la mussa dei Fior\u00f2t,<br \/>\nche la pes\u00e8a \u2019n acidente<br \/>\na tirarla da novo in quatro<br \/>\no zhinque su pal c\u00f2l.<br \/>\nE mus\u00e9t ghe n\u2019\u00e8ra p\u00f3chi<br \/>\n(propio \u2019n lusso i Davos!),<br \/>\nma ghe n\u2019\u00e8ra la feradha,<br \/>\nfata de t\u00f2c de legn\u2019 catadi<br \/>\nin giro par le tiedhe,<br \/>\nche sot la av\u00e8a i fer<br \/>\ncome sui patini e la \u2019ndea<br \/>\ncome \u2019n s-ciant\u00ecs, da dio<br \/>\ndo par la stradha tuta<br \/>\ningiathada, &#8216;nd\u00e9 che noi<br \/>\nde not se but\u00e8a s\u00e9ce de aqua<br \/>\nsu la giara del stradh\u00ecn,<br \/>\nche \u2019l ne cor\u00e8a drio, pore Toni,<br \/>\nco la so pala in man:<br \/>\n&#8220;Ma mi ghe c\u00f3pe tuti!&#8221; <\/p>\n<p>&nbsp;<\/p>\n<table width=\"999\" border=\"0\" cellpadding=\"2\" cellspacing=\"0\">\n<tbody>\n<a href=\"https:\/\/www.poetamatusel.org\/wp-content\/uploads\/2013\/12\/toboggans-in-greenwich-photo-gettyimages.jpg\"><img loading=\"lazy\" decoding=\"async\" src=\"https:\/\/www.poetamatusel.org\/wp-content\/uploads\/2013\/12\/toboggans-in-greenwich-photo-gettyimages.jpg?w=640\" alt=\"Toboggans in Greenwich - Photo GettyImages\" width=\"640\" height=\"433\" class=\"alignleft size-large wp-image-3997\" srcset=\"https:\/\/www.poetamatusel.org\/wp-content\/uploads\/2013\/12\/toboggans-in-greenwich-photo-gettyimages.jpg 699w, https:\/\/www.poetamatusel.org\/wp-content\/uploads\/2013\/12\/toboggans-in-greenwich-photo-gettyimages-300x203.jpg 300w\" sizes=\"auto, (max-width: 640px) 100vw, 640px\" \/><\/a><\/p>\n<tr>\n<td valign=\"top\" width=\"999\"><\/td>\n<\/tr>\n<\/tbody>\n<\/table>\n<p>&nbsp;<\/p>\n<p style=\"padding-left:0px;\"><strong>PICCOLO  BESTIARIO  NATALIZIO<\/strong><\/p>\n<p style=\"padding-left:0px;\">Il vecchio baio, sudato, trascina<br \/>\nla gente su e gi\u00f9 per la strada,<br \/>\nsu un carretto che forse dovrebbe<br \/>\nrappresentare non so che di Natale,<br \/>\nmentre troppe campane ripetono<br \/>\na stento lo stesso tenue messaggio<br \/>\ne noto che le capannine quest&#8217;anno<br \/>\nnon sono di legno, ma mero cartone.<br \/>\nC&#8217;\u00e8 ben poca gioia, qua in giro, sulle facce<br \/>\ndi gente che ha freddo e che annusa<br \/>\ncon apparente sospetto il brul\u00e9.<br \/>\nPi\u00f9 in l\u00e0, bestemmia un omazzo,<br \/>\nche per la coda tira un\u2019inerme vitella,<br \/>\nrecalcitrante a fare la parte del bue<br \/>\ninsieme all&#8217;asino ormai rassegnato.<br \/>\nImpervie, si salvano solo le capre&#8230; <\/p>\n<p>&nbsp;<br \/>\n&nbsp;<br \/>\n&nbsp;<\/p>\n<p style=\"padding-left:0px;\"><strong>INDOVINELLO DI NATALE<\/strong><br \/>\n<em>(Per i pi\u00f9 piccoli!)<\/em> <\/p>\n<p style=\"padding-left:0px;\">Indovina, indovinello:<br \/>\nnon son brutto e non<br \/>\nson bello, n\u00e9 una stella<br \/>\nn\u00e9 un cammello,<br \/>\ne nemmen Ges\u00f9 bambino\u2026 <\/p>\n<p style=\"padding-left:0px;\">N\u00e9 una pecora o l\u2019agnello,<br \/>\nn\u00e9 pastore n\u00e9 angioletto,<br \/>\nnemmen bue n\u00e9 un pastorello! <\/p>\n<p style=\"padding-left:0px;\">Ho le orecchie molto lunghe<br \/>\ne una voce poco bella<br \/>\ne mi danno del somaro,<br \/>\nperch\u00e9 sono\u2026 l\u2019 &#8230;&#8230;&#8230;&#8230;&#8230;. !! <\/p>\n<p>&nbsp;<\/p>\n<table width=\"999\" border=\"0\" cellpadding=\"2\" cellspacing=\"0\">\n<tbody>\n<a href=\"https:\/\/www.poetamatusel.org\/wp-content\/uploads\/2013\/01\/asinello-senza-il-bue-foto-guido-comin-2.jpg\"><img loading=\"lazy\" decoding=\"async\" src=\"https:\/\/www.poetamatusel.org\/wp-content\/uploads\/2013\/01\/asinello-senza-il-bue-foto-guido-comin-2.jpg?w=640\" alt=\"Asinello-senza-il-bue--Foto-Guido-Comin\" width=\"340\" height=\"665\" class=\"alignleft size-full wp-image-3269\" \/><\/a><\/p>\n<tr>\n<td valign=\"top\" width=\"999\"><\/td>\n<\/tr>\n<\/tbody>\n<\/table>\n<p>&nbsp;<\/p>\n<p style=\"padding-left:0px;\"><strong>NATALE  ALTERNATIVO<\/strong>  <\/p>\n<p style=\"padding-left:0px;\">Canne recise, quasi a perdita d\u2019occhio,<br \/>\ne il mio cane che oggi cammina di nuovo,<br \/>\nlontano da tutto, da luci, negozi, frastuono,<br \/>\ndalla gente che troppo vuole sempre sapere.<br \/>\n\u00c8 un Natale speciale, perch\u00e9 tutto mio,<br \/>\nil primo: questo giorno lo voglio cos\u00ec,<br \/>\noggi non voglio render conto a nessuno,<br \/>\nun nessuno assoluto, che include anche Lui.<br \/>\nMa solo non sono, perch\u00e9 questo Amore,<br \/>\ntrovato per caso, come un sasso che l\u2019occhio<br \/>\ndistratto ha intascato per poi ritrovarlo<br \/>\nstupendo al ritorno, si \u00e8 scaldato e oramai<br \/>\n\u00e8 parte integrante del tutto. Che poi siamo noi.  <\/p>\n<p>&nbsp;<br \/>\n&nbsp;<br \/>\n&nbsp;<\/p>\n<p style=\"padding-left:0px;\"><strong>DISGRAZIA, NATALE  IN  GALIZIA <\/strong>  <\/p>\n<p style=\"padding-left:0px;\">La notte del Bimbo,<br \/>\ntua madre, Maria,<br \/>\naveva bevuto e mangiato,<br \/>\nmangiato e bevuto<br \/>\nfin troppo. <\/p>\n<p style=\"padding-left:0px;\">Mor\u00ec l&#8217;indomani,<br \/>\ncol bimbo nel ventre. <\/p>\n<p style=\"padding-left:0px;\">Avevan voluto aspettare<br \/>\n\u2013 i parenti \u2013 tuo zio da lontano,<br \/>\nma il corpo gi\u00e0 in putrefazione<br \/>\n(anomalo inverno <em>gallego<\/em>,<br \/>\ntroppo caldo?) non volle<br \/>\nsaperne. <\/p>\n<p>&nbsp;<br \/>\n&nbsp;<br \/>\n&nbsp;<\/p>\n<p style=\"padding-left:0px;\"><strong>DUE BIMBI,  A  NATALE<\/strong> <\/p>\n<p style=\"padding-left:0px;\">\u00c8 arrivata la neve anche qui,<br \/>\nma chi la voleva? Io no!<br \/>\nEppure mi porta \u2013 la neve \u2013<br \/>\nricordi infiniti di tempi<br \/>\ngi\u00e0 andati e lontani,<br \/>\nquando un bimbo posava<br \/>\nsul muschio raccolto<br \/>\ndi fresco, con trepide mani,<br \/>\nstatuette di gesso, regalo<br \/>\ndi mamma assente, lontana.<br \/>\nNon andava a dormire<br \/>\nquel bimbo, senza prima<br \/>\nsalutare il suo amico di neve,<br \/>\npupazzo dal naso di stecco,<br \/>\nche un giorno vol\u00f2 con il sole.<br \/>\nRicami di gelo sui vetri, poi,<br \/>\nnel chiaro di luna, sognava<br \/>\nignaro quel bimbo la vita<br \/>\nsu prati di sole. E una sola<br \/>\nassonnata campana<br \/>\nannunciava la notte<br \/>\ndel Bimbo \u2026  <\/p>\n<p>&nbsp;<\/p>\n<table width=\"999\" border=\"0\" cellpadding=\"2\" cellspacing=\"0\">\n<tbody>\n<a href=\"https:\/\/www.poetamatusel.org\/wp-content\/uploads\/2013\/12\/boys-on-toboggan-photo-gettyimages-2.jpg\"><img loading=\"lazy\" decoding=\"async\" src=\"https:\/\/www.poetamatusel.org\/wp-content\/uploads\/2013\/12\/boys-on-toboggan-photo-gettyimages-2.jpg\" alt=\"Boys on toboggan - Photo GettyImages\" width=\"360\" height=\"474\" class=\"alignleft size-full wp-image-3986\" \/><\/a><\/p>\n<tr>\n<td valign=\"top\" width=\"999\"><\/td>\n<\/tr>\n<\/tbody>\n<\/table>\n<p>&nbsp;<\/p>\n<p style=\"padding-left:0px;\"><strong>DICEMBRE,  S\u00cc,  MA  \u2019L  5  o  \u2019L  25?<\/strong> <\/p>\n<p style=\"padding-left:0px;\">Co mi \u00e8re b\u00f2cia,<br \/>\nl\u2019\u00e8ra San Nicol\u00f2<br \/>\nla sera p\u00ec importante,<br \/>\nquando che con ansia<br \/>\nse spet\u00e8a de sentir sonar<br \/>\ni campan\u00e8i del mus.<br \/>\nPar lu, ghe n\u2019\u00e8ra \u2019l fi\u00e9n;<br \/>\npal so par\u00f3n, goto de vin;<br \/>\ne via a dormir, de corsa,<br \/>\nche se no se ris-c\u00e8a che<br \/>\nno \u2019l port\u00e8se gnint, al San!<br \/>\nT\u2019en quela de Nadhal<br \/>\nde not, invezhe, se \u2019nd\u00e8a<br \/>\ntuti a la mesa solene<br \/>\nde medhan\u00f2t, coi canti<br \/>\ne \u2019l organo e \u2019l presepio,<br \/>\nco i angeli e le pecore,<br \/>\ne \u2019l mus-cio e tante luci.<br \/>\nE dopo messa tuti quanti<br \/>\na casa del sindaco mostacio:<br \/>\ne dh\u00f3 spumante e panet\u00f3n!  <\/p>\n<p>&nbsp;<\/p>\n<table width=\"999\" border=\"0\" cellpadding=\"2\" cellspacing=\"0\">\n<tbody>\n<a href=\"https:\/\/www.poetamatusel.org\/wp-content\/uploads\/2013\/12\/50s-kids-on-toboggan.jpg\"><img loading=\"lazy\" decoding=\"async\" src=\"https:\/\/www.poetamatusel.org\/wp-content\/uploads\/2013\/12\/50s-kids-on-toboggan.jpg\" alt=\"50s kids on toboggan\" width=\"338\" height=\"507\" class=\"alignleft size-full wp-image-3996\" srcset=\"https:\/\/www.poetamatusel.org\/wp-content\/uploads\/2013\/12\/50s-kids-on-toboggan.jpg 338w, https:\/\/www.poetamatusel.org\/wp-content\/uploads\/2013\/12\/50s-kids-on-toboggan-200x300.jpg 200w\" sizes=\"auto, (max-width: 338px) 100vw, 338px\" \/><\/a><\/p>\n<tr>\n<td valign=\"top\" width=\"999\"><\/td>\n<\/tr>\n<\/tbody>\n<\/table>\n<p>&nbsp;<\/p>\n<p style=\"padding-left:0px;\"><strong>CONCERTO  A  CASTELFRANCO<\/strong> <\/p>\n<p style=\"padding-left:0px;\">Corridoio di teatro, clandestino:<br \/>\nnoi rubiamo lo spettacolo negato<br \/>\ned ora stiamo qui ad elemosinare<br \/>\n(timida mi hai seguito dal botteghino)<br \/>\nqualche scorcio del palcoscenico celato. <\/p>\n<p style=\"padding-left:0px;\">Ma le note ci arrivano forti e chiare,<br \/>\nun\u2019esplosione di suoni esotici e noti.<br \/>\nPoi nel palchetto sono il vip non invitato<br \/>\ne tu ti dondoli su una sedia di ciaramelle<br \/>\no sul <em>bouzouki<\/em> nel pi\u00f9 famoso dei <em>vigun<\/em>,<br \/>\ned io mi gongolo pensando alla tua voce,<br \/>\ndolce come l\u2019arpa, stendino del tuo amico.  <\/p>\n<p style=\"padding-left:0px;\">E, presto, quasi non sto pi\u00f9 nella mia pelle<br \/>\nin questo bolero di immagini e musica,<br \/>\ne quando scoppia un <em>flamenco navide\u00f1o<\/em><br \/>\nio mi libro sulle ali di mille azzurre libellule.  <\/p>\n<p>&nbsp;<br \/>\n&nbsp;<br \/>\n&nbsp;<\/p>\n<p style=\"padding-left:0px;\"><strong>NATALIZIO  ANTESIGNANO<\/strong><\/p>\n<p style=\"padding-left:0px;\">Ho incontrato un angelo stasera,<br \/>\nuscendo dalla nebbia sopra i fossi,<br \/>\nquando ormai mi stavo rassegnando<br \/>\nche il cielo fosse notte senza stelle,<br \/>\nche tutto forse andasse come in fumo.<br \/>\nE poi preposizioni, giuste o meno,<br \/>\nusate, omesse, ma mai dimenticate,<br \/>\nstabiliscono la giusta ambientazione.<br \/>\nIo mi ritrovo nuovo nella nebbia,<br \/>\nmentre tra le curve sto danzando<br \/>\ne scordo notturne greche cavalcate,<br \/>\nper meglio assaporare quest\u2019istante,<br \/>\nquesta dolce, inaspettata apparizione:<br \/>\nforse un precorso dono degli dei. <\/p>\n<p>&nbsp;<br \/>\n&nbsp;<br \/>\n&nbsp;<\/p>\n<p style=\"padding-left:0px;\"><strong>NEVI  DIVERSE,  PRENATALIZIE<\/strong><br \/>\n<em>\u201cE l\u2019occhio, quello buono, \/ quasi asciutto \u2026\u201d<br \/>\n(PoetaMatus\u00e8l)<\/em><\/p>\n<p style=\"padding-left:0px;\">I miei monti, lontani,<br \/>\ngi\u00e0 bianchi di neve,<br \/>\n(non candida, come<br \/>\nsei tu; neve inquinata!)<br \/>\nmi dicono: \u201cSveglia,<br \/>\nlascia stare le ragazze<br \/>\ntroppo giovani e belle!<br \/>\nFanno sognare, \u00e8 vero,<br \/>\ne tu prendi a poetare,<br \/>\nma sono troppo lontane,<br \/>\nper te, parenti di stelle!\u201d <\/p>\n<p style=\"padding-left:0px;\">Potrebbero avere ragione,<br \/>\ndire il vero, le cime compagne<br \/>\ndi sogni lontani, le cime<br \/>\npaesaggio d\u2019infanzia, sorelle \u2026<br \/>\nE poi, ci sei tu, che dici che<br \/>\nci caschi sempre, ma so non<br \/>\npotresti cascarci per me. <\/p>\n<p style=\"padding-left:0px;\">E comunque, in una sera<br \/>\ndi bruma marina che<br \/>\novatta i rumori di<br \/>\npassi e di fiacca risacca,<br \/>\nin una sera cos\u00ec, come<br \/>\ndiresti a tuo padre<br \/>\nche un vecchio imbecille<br \/>\nha perso la testa per te? <\/p>\n<p style=\"padding-left:0px;\">Per dimenticarti in<br \/>\nmassima economia<br \/>\ndi inutili lacrime,<br \/>\nsuoner\u00f2 con armoniche<br \/>\ne flauti e \u2013 a Natale \u2013<br \/>\nle mie ciaramelle! <\/p>\n<p>&nbsp;<\/p>\n<table width=\"999\" border=\"0\" cellpadding=\"2\" cellspacing=\"0\">\n<tbody>\n<a href=\"https:\/\/www.poetamatusel.org\/wp-content\/uploads\/2012\/04\/monti-in-fondo-alla-pianura-foto-guido-comin-poetamatusel2-1.jpg\"><img loading=\"lazy\" decoding=\"async\" src=\"https:\/\/www.poetamatusel.org\/wp-content\/uploads\/2012\/04\/monti-in-fondo-alla-pianura-foto-guido-comin-poetamatusel2-1.jpg?w=640\" alt=\"Monti in fondo alla pianura - Foto Guido Comin - PoetaMatusel\" width=\"640\" height=\"357\" class=\"alignleft size-large wp-image-2234\" srcset=\"https:\/\/www.poetamatusel.org\/wp-content\/uploads\/2012\/04\/monti-in-fondo-alla-pianura-foto-guido-comin-poetamatusel2-1.jpg 3220w, https:\/\/www.poetamatusel.org\/wp-content\/uploads\/2012\/04\/monti-in-fondo-alla-pianura-foto-guido-comin-poetamatusel2-1-300x168.jpg 300w, https:\/\/www.poetamatusel.org\/wp-content\/uploads\/2012\/04\/monti-in-fondo-alla-pianura-foto-guido-comin-poetamatusel2-1-768x430.jpg 768w, https:\/\/www.poetamatusel.org\/wp-content\/uploads\/2012\/04\/monti-in-fondo-alla-pianura-foto-guido-comin-poetamatusel2-1-1024x573.jpg 1024w\" sizes=\"auto, (max-width: 640px) 100vw, 640px\" \/><\/a><\/p>\n<tr>\n<td valign=\"top\" width=\"999\"><\/td>\n<\/tr>\n<\/tbody>\n<\/table>\n<p>&nbsp;<\/p>\n<p style=\"padding-left:0px;\"><strong>MULTI-LINGUAL CHRISTMAS HAIKU<\/strong> <\/p>\n<p>&nbsp;<\/p>\n<p style=\"padding-left:0px;\">Natale: sembra<br \/>\nsia tutto pi\u00f9 bello, ma<br \/>\nsiamo migliori? <\/p>\n<p>&nbsp;<\/p>\n<p style=\"padding-left:30px;\">And so \u2013 just when you<br \/>\nleast expect it \u2013 you may hear<br \/>\nChristmas bells again! <\/p>\n<p>&nbsp;<\/p>\n<p style=\"padding-left:0px;\">Christmas \u2013 happy times,<br \/>\nwith friends and chestnuts by the<br \/>\nfire and good wines. <\/p>\n<p>&nbsp;<\/p>\n<p style=\"padding-left:30px;\">No\u00ebl. Tout est beau,<br \/>\ntous les gents sont sages et bons :<br \/>\nNeige couvre tout ! <\/p>\n<p>&nbsp;<\/p>\n<p style=\"padding-left:0px;\">A hat is not a<br \/>\nhut, nor a log cabin, but<br \/>\na Christmas symbol. <\/p>\n<p>&nbsp;<\/p>\n<p style=\"padding-left:30px;\">The mistletoe is<br \/>\nneither toe nor finger, but<br \/>\nwhere we\u2019ll kiss \u2013 perhaps &#8230; <\/p>\n<p>&nbsp;<\/p>\n<p style=\"padding-left:0px;\">Weinachten \u2013 immer<br \/>\ntolle Zeiten, mit bunten<br \/>\nLichtern und Stollen. <\/p>\n<p>&nbsp;<\/p>\n<p style=\"padding-left:30px;\">I know it\u2019s banal,<br \/>\nI\u2019ve said it before \u2013 Merry<br \/>\nXmas, and much more! <\/p>\n<p>&nbsp;<\/p>\n<table width=\"999\" border=\"0\" cellpadding=\"2\" cellspacing=\"0\">\n<tbody>\n<a href=\"https:\/\/www.poetamatusel.org\/wp-content\/uploads\/2013\/12\/xmas-haiku-2.jpg\"><img loading=\"lazy\" decoding=\"async\" src=\"https:\/\/www.poetamatusel.org\/wp-content\/uploads\/2013\/12\/xmas-haiku-2.jpg?w=640\" alt=\"Xmas haiku\" width=\"640\" height=\"480\" class=\"alignleft size-large wp-image-3988\" \/><\/a><\/p>\n<tr>\n<td valign=\"top\" width=\"999\"><\/td>\n<\/tr>\n<\/tbody>\n<\/table>\n<p>&nbsp;<\/p>\n<p><img loading=\"lazy\" decoding=\"async\" src=\"http:\/\/www.poetamatusel.org\/wp-content\/uploads\/2017\/01\/Viole-di-marzo-Foto-Guido-Comin-150x150.jpg\" title=\"Profumo di quasi-primavera - Foto Guido Comin PoetaMatus\u00e8l\" width=\"120\" height=\"120\" class=\"alignleft size-thumbnail wp-image-6930\" \/><\/p>\n<p style=\"padding-left:0px;\"><em>Prezioso Visitatore che mi leggi, un breve commento, anche solo un saluto, non ti costa che un piccolissimo sforzo, per\u00f2 far\u00e0 un enorme piacere a me, quando lo legger\u00f2! Grazie di cuore!! :O)<br \/>\n<strong>@mail: poetamatusel@gmail.com<\/strong><\/em> &nbsp; <\/p>\n<p>&nbsp;<\/p>\n<p><span style=\"font-family:'Arial Narrow Special G1';font-size:x-small;\">Copyright \u00a9 2013-2022 Guido Comin PoetaMatus\u00e8l &#8211;  Belluno, Italy. All rights reserved.<\/span><\/p>\n<p>&nbsp;<br \/>\n&nbsp;<\/p>\n<p>.<\/p>\n","protected":false},"excerpt":{"rendered":"<p>&nbsp; &nbsp; LO SLITTINO DEL NONNO di Dalila Burtet Traboccavano di ricordi i tuoi occhi, nonno, mentre tra le braccia mi stringevi e mi indicavi il colle dal quale, tanti inverni fa, scendevi con il tuo slittino. Riuscivo quasi a vederti, nonno, mentre correvi, ti rotolavi e cadevi. O mentre tornavi a casa, zuppo di [&hellip;]<\/p>\n","protected":false},"author":1,"featured_media":0,"parent":0,"menu_order":0,"comment_status":"open","ping_status":"open","template":"","meta":{"footnotes":""},"class_list":["post-7672","page","type-page","status-publish","hentry"],"_links":{"self":[{"href":"https:\/\/www.poetamatusel.org\/index.php?rest_route=\/wp\/v2\/pages\/7672","targetHints":{"allow":["GET"]}}],"collection":[{"href":"https:\/\/www.poetamatusel.org\/index.php?rest_route=\/wp\/v2\/pages"}],"about":[{"href":"https:\/\/www.poetamatusel.org\/index.php?rest_route=\/wp\/v2\/types\/page"}],"author":[{"embeddable":true,"href":"https:\/\/www.poetamatusel.org\/index.php?rest_route=\/wp\/v2\/users\/1"}],"replies":[{"embeddable":true,"href":"https:\/\/www.poetamatusel.org\/index.php?rest_route=%2Fwp%2Fv2%2Fcomments&post=7672"}],"version-history":[{"count":10,"href":"https:\/\/www.poetamatusel.org\/index.php?rest_route=\/wp\/v2\/pages\/7672\/revisions"}],"predecessor-version":[{"id":7676,"href":"https:\/\/www.poetamatusel.org\/index.php?rest_route=\/wp\/v2\/pages\/7672\/revisions\/7676"}],"wp:attachment":[{"href":"https:\/\/www.poetamatusel.org\/index.php?rest_route=%2Fwp%2Fv2%2Fmedia&parent=7672"}],"curies":[{"name":"wp","href":"https:\/\/api.w.org\/{rel}","templated":true}]}}