{"id":5695,"date":"2015-11-10T12:06:53","date_gmt":"2015-11-10T11:06:53","guid":{"rendered":"http:\/\/poetamatusel.com\/?page_id=5025"},"modified":"2023-11-30T02:10:07","modified_gmt":"2023-11-30T01:10:07","slug":"diese-10-poesie-belumate","status":"publish","type":"page","link":"https:\/\/www.poetamatusel.org\/?page_id=5695","title":{"rendered":"Diese (10) poesie belum\u00e0te"},"content":{"rendered":"<p>&nbsp;<\/p>\n<table width=\"999\" border=\"0\" cellpadding=\"2\" cellspacing=\"0\">\n<tbody>\n<p><a href=\"https:\/\/www.poetamatusel.org\/wp-content\/uploads\/2015\/11\/radici-x-banner.jpg\"><img loading=\"lazy\" decoding=\"async\" src=\"https:\/\/www.poetamatusel.org\/wp-content\/uploads\/2015\/11\/radici-x-banner.jpg?w=640\" title=\"Radhici da pr\u00e0 - Foto e composizione Guido Comin PoetaMatus\u00e8l\" width=\"640\" height=\"235\" class=\"alignleft size-large wp-image-5026\" \/><\/a><\/p>\n<tr>\n<td valign=\"top\" width=\"999\"><\/td>\n<\/tr>\n<\/tbody>\n<\/table>\n<p>&nbsp;<\/p>\n<p style=\"padding-left:40px;\">VARDHA I RADHICI DA PRA\u2019! <\/p>\n<p style=\"padding-left:40px;\">&#8230; e intant che mi sp\u00e8te,<br \/>\ni radhici da pr\u00e0<br \/>\n(che ancora<br \/>\nno i era nassesti!)<br \/>\ni ha f\u00e0t anca i fior\u2026 <\/p>\n<p style=\"padding-left:40px;\">E i \u00e9 b\u00e8i anca lori, poar\u00e9ti,<br \/>\ncon tut quel b\u00e8l gial<br \/>\nin medho ai pr\u00e0 v\u00e9rt. <\/p>\n<p style=\"padding-left:40px;\">Per\u00f2 te se b\u00e8la anca ti<br \/>\n&#8230; e a mi,<br \/>\nbenedheto signor,<br \/>\nte me piase anca massa!  <\/p>\n<p>&nbsp;<br \/>\n&nbsp;<br \/>\n\u2003<\/p>\n<p style=\"padding-left:40px;\">TESORI,  MA NO DA PIRATI! <\/p>\n<p style=\"padding-left:40px;\">Se pense al dialeto \u2013<br \/>\nsta parladha che ormai<br \/>\nno parle p\u00ec da \u2019na vita \u2013<br \/>\na scriverlo adesso<br \/>\nme par come se avesse<br \/>\ncat\u00e0 \u2019na roba prezhiosa,<br \/>\ndesmentegadha da ani<br \/>\ndentro te \u2019n vecio cas\u00e9t.<br \/>\nTorna in mente<br \/>\n\u2019na storia de alora,<br \/>\nquando, da boce,<br \/>\nte ghe avea rob\u00e0<br \/>\n\u2019n anel a to nona,<br \/>\npar m\u00e9terlo dentro<br \/>\n\u2019l tesoro segreto,<br \/>\nscond\u00e9st te na zhoca<br \/>\naltretanto segreta.<br \/>\nE mi dopo, in botega,<br \/>\na contarghe a to nona<br \/>\nche \u2019l anel al ghe n\u2019era,<br \/>\nma pens\u00e8e che \u2019l fuse<br \/>\nde qu\u00e9i che se cata<br \/>\ntel fusto del TIDHE!! <\/p>\n<p>&nbsp;<br \/>\n&nbsp;<\/p>\n<p>\u2003<\/p>\n<p style=\"padding-left:40px;\">INDIANI &#8230; DE QUEI DA TABI\u00c0 <\/p>\n<p style=\"padding-left:140px;\"><em>A me nona Gusta<\/em><\/p>\n<p style=\"padding-left:40px;\">Sul car pien de fi\u00e9n<br \/>\ndei zii che \u2019n s-ci\u00e0nt massa<br \/>\n\u2019l so vin ghe pias\u00e8a,<br \/>\nse st\u00e8a propio da dio,<br \/>\ncole vache tranquile<br \/>\ndal paso pacifico,<br \/>\nche pian pian le tir\u00e8a<br \/>\ntut al carico su dale grave<br \/>\ndel Cordh\u00e9ol (parch\u00e9 b\u00f2<br \/>\nno ghe n\u2019era che dhoi<br \/>\nin tut al comune). <\/p>\n<p style=\"padding-left:40px;\">E par tuta la strada<br \/>\nse f\u00e8a finta che al car<br \/>\nghe f\u00e8se l\u2019ataco<br \/>\ni indiani feroci,<br \/>\npelerosa cativi, de p\u00ec<br \/>\ndele ande, poarete,<br \/>\nche mal no gh\u00e9n f\u00e8a<br \/>\ne pur mal le fin\u00eca. <\/p>\n<p style=\"padding-left:40px;\">E intant che i zii<br \/>\ni zherchea \u2019l vin da poc\u2019,<br \/>\nmi dentro la stala<br \/>\na tocarghe le tete<br \/>\nale vache e dopo,<br \/>\nla sera, prima<br \/>\nche i f\u00e8se \u2019l fil\u00f2,<br \/>\nanca a me nona,<br \/>\nche santa! <\/p>\n<p>&nbsp;<br \/>\n&nbsp;<\/p>\n<p>\u2003<\/p>\n<p style=\"padding-left:40px;\">DICEMBRE,  S\u00cc,  MA  \u2019L  5  o  \u2019L  25? <\/p>\n<p style=\"padding-left:40px;\">Co mi \u00e8re b\u00f2cia,<br \/>\nl\u2019\u00e8ra San Nicol\u00f2<br \/>\nla sera p\u00ec importante,<br \/>\nquando che con ansia<br \/>\nse spet\u00e8a de sentir sonar<br \/>\ni campan\u00e8i del mus.<br \/>\nPar lu, ghe n\u2019\u00e8ra \u2019l fi\u00e9n;<br \/>\npal so par\u00f3n, goto de vin;<br \/>\ne via a dhormir, de corsa,<br \/>\nche se no se ris-c\u00e8a che<br \/>\nno \u2019l port\u00e8se gn\u00ecnt, al San! <\/p>\n<p style=\"padding-left:40px;\">T\u2019en quela de Nadhal<br \/>\nde not, invezhe, se \u2019nd\u00e8a<br \/>\ntuti a la messa solene<br \/>\nde medhan\u00f2t, coi canti<br \/>\ne \u2019l organo e \u2019l presepio;<br \/>\nco i angeli e le pecore,<br \/>\ne \u2019l mus-cio e tante luci.<br \/>\nE, dopo mesa, tuti quanti<br \/>\na casa del sindaco most\u00e0cio:<br \/>\ne dh\u00f3 spumante e panet\u00f3n! <\/p>\n<p>&nbsp;<br \/>\n&nbsp;<\/p>\n<p style=\"padding-left:40px;\">ALTRI  TEMP\u2019, ALTRO  NADHAL! <\/p>\n<p style=\"padding-left:40px;\">C\u00f3nteghe adesso ai bocie<br \/>\ne te garantise che i se m\u00e9t<br \/>\na ridher come tanti mat,<br \/>\nlori che a Nadhal i va a sciar,<br \/>\na Cortina o anca in Austria,<br \/>\ncon le braghe e tut firm\u00e0 \u2026<br \/>\nPer\u00f2 ai me temp\u2019 l\u2019\u00e8ra tut<br \/>\ndavero tant diverso e a Nadhal<br \/>\nghe n\u2019\u00e8ra sempre tanta neve<br \/>\ne noi su e dh\u00f3 pai col pi alti,<br \/>\nco la mussa dei Fior\u00f2t,<br \/>\nche la pes\u00e8a \u2019n acidente<br \/>\na tirarla da novo in quatro<br \/>\no zhinque su pal c\u00f2l.<br \/>\nE mus\u00e9t ghe n\u2019\u00e8ra p\u00f3chi<br \/>\n(propio \u2019n lusso i D\u00e0vos!),<br \/>\nma ghe n\u2019\u00e8ra la feradha,<br \/>\nfata de t\u00f2c de legn\u2019 catadhi<br \/>\nin giro par le tiedhe,<br \/>\nche s\u00f3t la av\u00e8a i fer<br \/>\ncome sui patini e la \u2019ndea<br \/>\ncome \u2019n s-ciant\u00ecs, da dio,<br \/>\ndo par la stradha tuta<br \/>\ningiathada, &#8216;nd\u00e9 che noi<br \/>\nde not se but\u00e8a s\u00e9ce de aqua<br \/>\nsu la giara del stradh\u00ecn,<br \/>\nche \u2019l ne cor\u00e8a drio, pore Toni,<br \/>\nco la so pala in man:<br \/>\n&#8220;Ma mi ghe c\u00f3pe tuti!&#8221;  <\/p>\n<p>&nbsp;<br \/>\n&nbsp;<\/p>\n<p>\u2003<\/p>\n<p style=\"padding-left:40px;\">ORMAI, ME INSUNIE ANCA I SASS! <\/p>\n<p style=\"padding-left:140px;\"><em>A Elena<\/em> <\/p>\n<p style=\"padding-left:40px;\">Me son indormenth\u00e0<br \/>\npensando ai sass:<br \/>\ncaldi e morbidhi,<br \/>\ncome che ha dhit Elena\u2026 <\/p>\n<p style=\"padding-left:40px;\">Pensando che<br \/>\n\u2019sto l\u00e8t, ormai,<br \/>\nl\u2019 \u00e9 \u2019n lusso e<br \/>\nalora sar\u00ece mejo<br \/>\ntornar presto<br \/>\na\u2026 dormir sui sass,<br \/>\nanca quei dhuri! <\/p>\n<p style=\"padding-left:40px;\">E i sar\u00e0 pur comodhi,<br \/>\nse i ghe fa da l\u00e8t<br \/>\na bisse e biss\u2026<br \/>\ne po l\u00f3ri i \u00e9 propio<br \/>\ni  angeli de la Tera<br \/>\ne chi no dhorme ben<br \/>\nin medho ai angeli \u2013<br \/>\ncome che i<br \/>\ndiss in Spagna? <\/p>\n<p style=\"padding-left:40px;\">Ma \u2019po me sveje,<br \/>\nt\u00f9t t\u2019en colpo<br \/>\ne co \u2019n gran mal<br \/>\nde sch\u00e9na, che per\u00f2,<br \/>\n\u2013 par fortuna \u2013<br \/>\nal passa subito!  <\/p>\n<p>&nbsp;<br \/>\n&nbsp;<\/p>\n<p>\u2003<\/p>\n<p style=\"padding-left:40px;\"> \u201cVERDE SPERANZA\u201d? NO, VERT\u2026 STIVAL! <\/p>\n<p style=\"padding-left:40px;\">Son stat qua a vardhar i sass,<br \/>\ncoi stivai entro te l\u2019aqua,<br \/>\na pensar che b\u00e9n che i st\u00e8a:<br \/>\ntuti b\u00e8i e n\u00e9ti e freschi,<br \/>\nquando \u2019l sol al scota massa. <\/p>\n<p style=\"padding-left:40px;\">Ogni tant i cambia casa,<br \/>\nco li porta via la piena,<br \/>\nsensa farghe pagar tassa:<br \/>\nno i ha IMU e gnanca ICI<br \/>\n(anche se no i ciapa paga),<br \/>\ncoss\u00ec a lori poc\u2019 ghe frega,<br \/>\nse \u2019l magn\u00e0r al costa massa!<br \/>\nE p\u00f2 i dhorme quant\u2019 che i \u00f3l! <\/p>\n<p style=\"padding-left:40px;\">Quasi quasi l\u2019era m\u00e8jo,<br \/>\nse mi fuse stat \u2026<br \/>\nan SASS!! <\/p>\n<p>&nbsp;<br \/>\n&nbsp;<\/p>\n<p>\u2003<\/p>\n<p style=\"padding-left:40px;\">SE COLOMBO \u2019L STEA A CASA&#8230; \u2019L ERA MEJO! <\/p>\n<p style=\"padding-left:40px;\">Che b\u00f2ni i frutini,<br \/>\nma\u2026 es\u00ecsteli ancora??<br \/>\nMe mama la avea la botega<br \/>\ne mi ghe i rob\u00e8e tuti i dh\u00ec! <\/p>\n<p style=\"padding-left:40px;\">Lisabeta la Prima (regina)<br \/>\nla avea p\u00e8rs tuti i dhent,<br \/>\npar colpa del zh\u00f9chero,<br \/>\nche lei tanto amava:<br \/>\n\u201cI love it!\u201d, infatti diceva\u2026 <\/p>\n<p style=\"padding-left:40px;\">Ma anca m\u00ec ciol\u00e8e su<br \/>\nquei sass, quele piere<br \/>\nprezhiose de zh\u00f9chero<br \/>\ndai sac da zhinquanta<br \/>\n(chili, oviamente!)<br \/>\ntel retrobotega. <\/p>\n<p style=\"padding-left:40px;\">E infati anca m\u00ec,<br \/>\normai da \u2019na vita,<br \/>\nho tuti i dhent marzhi! <\/p>\n<p style=\"padding-left:40px;\">Se Colombo \u2019l st\u00e8a a casa,<br \/>\n\u2019l \u00e8ra m\u00e8jo, sul serio!!  <\/p>\n<p>&nbsp;<br \/>\n&nbsp;<\/p>\n<p style=\"padding-left:40px;\">PAN, POLENTA, FORMAI E\u2026 CIOCOLATA! <\/p>\n<p style=\"padding-left:40px;\">Che bel che \u2019l \u00e9 magnar<br \/>\npan e form\u00e0i\u2026 co le man!<br \/>\nDe quel fr\u00e9sc, de lateria,<br \/>\ndolzh, che \u2019l par fat&#8230;<br \/>\nparfin de ciocolata! <\/p>\n<p style=\"padding-left:40px;\">Non ghe n\u2019\u00e9 gnint<br \/>\nda far de m\u00e8jo te na sera<br \/>\nfresca come questa<br \/>\nde calma primavera,<br \/>\nco \u2019na piov\u00e9ta<br \/>\ntranquila che gnen d\u00f3<br \/>\na carezhar le foje,<br \/>\nche quasi no se s\u00e9nt. <\/p>\n<p style=\"padding-left:40px;\">Ma \u2019l form\u00e0i \u2019l \u00e9 b\u00f2n<br \/>\nanca\u2026 co la polenta<br \/>\ne a mi quela la me piase<br \/>\nparfin de p\u00ec de la cara<br \/>\nciocolata, anca svizhera<br \/>\ne par b\u00f2na che la s\u00ece! <\/p>\n<p>&nbsp;<br \/>\n&nbsp;<\/p>\n<p>\u2003<\/p>\n<p style=\"padding-left:40px;\">MARMELATA DE ZHUCA <\/p>\n<p style=\"padding-left:140px;\"><em>A Debora<\/em><\/p>\n<p style=\"padding-left:40px;\">Ho fat tanta stradha par ti,<br \/>\npar sentir la to banda,<br \/>\nriv\u00e0 sol par dhoi marce,<br \/>\nma propio le ultime dhoi!<br \/>\nMa ho cat\u00e0 \u2019n bel soriso,<br \/>\nche sol te regala la musica;<br \/>\ngente simpatica e can,<br \/>\nmarmelata de zhuca\u2026 <\/p>\n<p style=\"padding-left:40px;\">Quanti ricordi che torna<br \/>\nte la testa, \u2019na sera,<br \/>\nricordi de me nona Gusta,<br \/>\nche f\u00e8a la zhuca tel forno,<br \/>\n(che b\u00f2na!) e mi che, \u2019ncora<br \/>\nboc\u00e9ta, non cap\u00ece cossa mai che<br \/>\n\u2019ste benedhete zhuche le podh\u00e8a<br \/>\naver fat par &#8230; \u00e8sser SANTE! <\/p>\n<p>&nbsp;<br \/>\n&nbsp;<\/p>\n<table width=\"999\" border=\"0\" cellpadding=\"2\" cellspacing=\"0\">\n<tbody>\n<p><a href=\"https:\/\/www.poetamatusel.org\/wp-content\/uploads\/2015\/11\/guido-co-le-zhuche.jpg\"><img loading=\"lazy\" decoding=\"async\" src=\"https:\/\/www.poetamatusel.org\/wp-content\/uploads\/2015\/11\/guido-co-le-zhuche.jpg?w=640\" title=\"Guidho co' le zhuche - Foto Silva Cattarin\" width=\"640\" height=\"480\" class=\"alignleft size-large wp-image-5027\" \/><\/a><\/p>\n<tr>\n<td valign=\"top\" width=\"999\"><\/td>\n<\/tr>\n<\/tbody>\n<\/table>\n<p>&nbsp;<br \/>\n&nbsp;<\/p>\n<p><a href=\"https:\/\/www.poetamatusel.org\/wp-content\/uploads\/2012\/10\/icon-for-audio-files.jpg\"><img loading=\"lazy\" decoding=\"async\" src=\"https:\/\/www.poetamatusel.org\/wp-content\/uploads\/2012\/10\/icon-for-audio-files.jpg\" alt=\"\" title=\"AUDIO * FILE * AUDIO\" width=\"35\" height=\"35\" class=\"alignleft wp-image-2897\" \/><\/a>  <strong>PoetaMatus\u00e8l legge<br \/>\n\u201cDIESE (10) POESIE BELUMATE\u201d<\/strong>  <\/p>\n<audio class=\"wp-audio-shortcode\" id=\"audio-5695-1\" preload=\"none\" style=\"width: 100%;\" controls=\"controls\"><source type=\"audio\/mpeg\" src=\"https:\/\/www.poetamatusel.org\/wp-content\/uploads\/2015\/11\/diese-poesie-belumate.mp3?_=1\" \/><a href=\"https:\/\/www.poetamatusel.org\/wp-content\/uploads\/2015\/11\/diese-poesie-belumate.mp3\">https:\/\/www.poetamatusel.org\/wp-content\/uploads\/2015\/11\/diese-poesie-belumate.mp3<\/a><\/audio>\n<p>&nbsp;<br \/>\n&nbsp;<br \/>\n&nbsp;<\/p>\n<table width=\"999\" border=\"0\" cellpadding=\"2\" cellspacing=\"0\">\n<tbody>\n<p><a href=\"https:\/\/www.poetamatusel.org\/wp-content\/uploads\/2011\/11\/280231_10150243416482549_683902548_7682667_6289694_o.jpg\"><img loading=\"lazy\" decoding=\"async\" src=\"https:\/\/www.poetamatusel.org\/wp-content\/uploads\/2011\/11\/280231_10150243416482549_683902548_7682667_6289694_o.jpg?w=640\" title=\"Guidhino co' la nona Gusta - ani zhinquanta\" width=\"640\" height=\"445\" class=\"alignleft size-large wp-image-1951\" srcset=\"https:\/\/www.poetamatusel.org\/wp-content\/uploads\/2011\/11\/280231_10150243416482549_683902548_7682667_6289694_o.jpg 824w, https:\/\/www.poetamatusel.org\/wp-content\/uploads\/2011\/11\/280231_10150243416482549_683902548_7682667_6289694_o-300x209.jpg 300w, https:\/\/www.poetamatusel.org\/wp-content\/uploads\/2011\/11\/280231_10150243416482549_683902548_7682667_6289694_o-768x534.jpg 768w\" sizes=\"auto, (max-width: 640px) 100vw, 640px\" \/><\/a><\/p>\n<tr>\n<td valign=\"top\" width=\"999\"><\/td>\n<\/tr>\n<\/tbody>\n<\/table>\n<p>&nbsp;<br \/>\n&nbsp;<br \/>\n&nbsp;<br \/>\n&nbsp;<\/p>\n<p><a href=\"https:\/\/www.poetamatusel.org\/wp-content\/uploads\/2015\/04\/dscn7418.jpg\"><img loading=\"lazy\" decoding=\"async\" src=\"https:\/\/www.poetamatusel.org\/wp-content\/uploads\/2015\/04\/dscn7418.jpg?w=150\" title=\"Primule a primavera - Foto Guido Comin PoetaMatus\u00e8l\" width=\"150\" height=\"113\" class=\"alignleft size-thumbnail wp-image-4839\" \/><\/a> <\/a><\/p>\n<p style=\"padding-left:40px;\"><strong><em>Prezioso Visitatore che mi leggi, un breve commento, anche solo un saluto, scritto qui sotto &#8211; o un &#8216;Mi Piace&#8217; cliccato &#8211; non ti costa che un piccolissimo sforzo, per\u00f2 far\u00e0 un GRANDE piacere a me, quando lo legger\u00f2! Grazie. <\/em> &nbsp; :O)<\/strong> <\/p>\n<p>&nbsp;<\/p>\n<p style=\"padding-top:150px;\">\n<p><span style=\"font-family:'Arial Narrow Special G1';font-size:small;\">Copyright \u00a9 2012-2015 Guido Comin PoetaMatus\u00e8l &#8211;  Belluno, Italy. All rights reserved.<\/span><\/p>\n<p>&nbsp;<\/p>\n<p>&nbsp;<\/p>\n<p>&nbsp;<\/p>\n<p>.<\/p>\n","protected":false},"excerpt":{"rendered":"<p>&nbsp; &nbsp; VARDHA I RADHICI DA PRA\u2019! &#8230; e intant che mi sp\u00e8te, i radhici da pr\u00e0 (che ancora no i era nassesti!) i ha f\u00e0t anca i fior\u2026 E i \u00e9 b\u00e8i anca lori, poar\u00e9ti, con tut quel b\u00e8l gial in medho ai pr\u00e0 v\u00e9rt. Per\u00f2 te se b\u00e8la anca ti &#8230; e a [&hellip;]<\/p>\n","protected":false},"author":1,"featured_media":0,"parent":0,"menu_order":0,"comment_status":"open","ping_status":"open","template":"","meta":{"footnotes":""},"class_list":["post-5695","page","type-page","status-publish","hentry"],"_links":{"self":[{"href":"https:\/\/www.poetamatusel.org\/index.php?rest_route=\/wp\/v2\/pages\/5695","targetHints":{"allow":["GET"]}}],"collection":[{"href":"https:\/\/www.poetamatusel.org\/index.php?rest_route=\/wp\/v2\/pages"}],"about":[{"href":"https:\/\/www.poetamatusel.org\/index.php?rest_route=\/wp\/v2\/types\/page"}],"author":[{"embeddable":true,"href":"https:\/\/www.poetamatusel.org\/index.php?rest_route=\/wp\/v2\/users\/1"}],"replies":[{"embeddable":true,"href":"https:\/\/www.poetamatusel.org\/index.php?rest_route=%2Fwp%2Fv2%2Fcomments&post=5695"}],"version-history":[{"count":1,"href":"https:\/\/www.poetamatusel.org\/index.php?rest_route=\/wp\/v2\/pages\/5695\/revisions"}],"predecessor-version":[{"id":7752,"href":"https:\/\/www.poetamatusel.org\/index.php?rest_route=\/wp\/v2\/pages\/5695\/revisions\/7752"}],"wp:attachment":[{"href":"https:\/\/www.poetamatusel.org\/index.php?rest_route=%2Fwp%2Fv2%2Fmedia&parent=5695"}],"curies":[{"name":"wp","href":"https:\/\/api.w.org\/{rel}","templated":true}]}}